{"id":820,"date":"2023-05-06T19:57:17","date_gmt":"2023-05-06T19:57:17","guid":{"rendered":"https:\/\/lasiestadelagaviota.es\/?page_id=820"},"modified":"2023-07-28T11:33:11","modified_gmt":"2023-07-28T11:33:11","slug":"entorno","status":"publish","type":"page","link":"https:\/\/lasiestadelagaviota.es\/de\/entorno\/","title":{"rendered":"ENTORNO"},"content":{"rendered":"\t\t<div data-elementor-type=\"wp-page\" data-elementor-id=\"820\" class=\"elementor elementor-820\" data-elementor-post-type=\"page\">\n\t\t\t\t<div class=\"elementor-element elementor-element-7f86856 e-flex e-con-boxed e-con e-parent\" data-id=\"7f86856\" data-element_type=\"container\" data-e-type=\"container\" data-settings=\"{&quot;background_background&quot;:&quot;classic&quot;}\">\n\t\t\t\t\t<div class=\"e-con-inner\">\n\t\t\t\t<div class=\"elementor-element elementor-element-aa53ca2 elementor-widget elementor-widget-heading\" data-id=\"aa53ca2\" data-element_type=\"widget\" data-e-type=\"widget\" data-widget_type=\"heading.default\">\n\t\t\t\t<div class=\"elementor-widget-container\">\n\t\t\t\t\t<h2 class=\"elementor-heading-title elementor-size-default\">Umwelt<\/h2>\t\t\t\t<\/div>\n\t\t\t\t<\/div>\n\t\t\t\t<div class=\"elementor-element elementor-element-96c4385 elementor-widget elementor-widget-heading\" data-id=\"96c4385\" data-element_type=\"widget\" data-e-type=\"widget\" data-widget_type=\"heading.default\">\n\t\t\t\t<div class=\"elementor-widget-container\">\n\t\t\t\t\t<h1 class=\"elementor-heading-title elementor-size-default\">LA SIESTA DE LA GAVIOTA<br> <span class=\"esetext\">Wohnmobile und Wohnwagen Komplex in Chipiona, C\u00e1diz<\/span><\/h1>\t\t\t\t<\/div>\n\t\t\t\t<\/div>\n\t\t\t\t\t<\/div>\n\t\t\t\t<\/div>\n\t\t<div class=\"elementor-element elementor-element-ad94fd5 e-flex e-con-boxed e-con e-parent\" data-id=\"ad94fd5\" data-element_type=\"container\" data-e-type=\"container\" data-settings=\"{&quot;background_background&quot;:&quot;classic&quot;}\">\n\t\t\t\t\t<div class=\"e-con-inner\">\n\t\t\t\t<div class=\"elementor-element elementor-element-202627c elementor-widget elementor-widget-shortcode\" data-id=\"202627c\" data-element_type=\"widget\" data-e-type=\"widget\" data-widget_type=\"shortcode.default\">\n\t\t\t\t<div class=\"elementor-widget-container\">\n\t\t\t\t\t\t\t<div class=\"elementor-shortcode\">[av_calendar id=1]<\/div>\n\t\t\t\t\t\t<\/div>\n\t\t\t\t<\/div>\n\t\t\t\t\t<\/div>\n\t\t\t\t<\/div>\n\t\t<div class=\"elementor-element elementor-element-ab047f8 e-flex e-con-boxed e-con e-parent\" data-id=\"ab047f8\" data-element_type=\"container\" data-e-type=\"container\">\n\t\t\t\t\t<div class=\"e-con-inner\">\n\t\t<div class=\"elementor-element elementor-element-02ff74f e-con-full e-flex e-con e-child\" data-id=\"02ff74f\" data-element_type=\"container\" data-e-type=\"container\">\n\t\t\t\t<div class=\"elementor-element elementor-element-0243041 elementor-widget elementor-widget-heading\" data-id=\"0243041\" data-element_type=\"widget\" data-e-type=\"widget\" data-widget_type=\"heading.default\">\n\t\t\t\t<div class=\"elementor-widget-container\">\n\t\t\t\t\t<h2 class=\"elementor-heading-title elementor-size-default\">CHIPIONA<\/h2>\t\t\t\t<\/div>\n\t\t\t\t<\/div>\n\t\t\t\t<div class=\"elementor-element elementor-element-5df25d7 elementor-widget-divider--view-line elementor-widget elementor-widget-divider\" data-id=\"5df25d7\" data-element_type=\"widget\" data-e-type=\"widget\" data-widget_type=\"divider.default\">\n\t\t\t\t<div class=\"elementor-widget-container\">\n\t\t\t\t\t\t\t<div class=\"elementor-divider\">\n\t\t\t<span class=\"elementor-divider-separator\">\n\t\t\t\t\t\t<\/span>\n\t\t<\/div>\n\t\t\t\t\t\t<\/div>\n\t\t\t\t<\/div>\n\t\t\t\t<div class=\"elementor-element elementor-element-1475e70 elementor-widget elementor-widget-text-editor\" data-id=\"1475e70\" data-element_type=\"widget\" data-e-type=\"widget\" data-widget_type=\"text-editor.default\">\n\t\t\t\t<div class=\"elementor-widget-container\">\n\t\t\t\t\t\t\t\t\t<p>ein touristischer Schatz<\/p>\t\t\t\t\t\t\t\t<\/div>\n\t\t\t\t<\/div>\n\t\t\t\t<\/div>\n\t\t<div class=\"elementor-element elementor-element-957720f e-con-full e-flex e-con e-child\" data-id=\"957720f\" data-element_type=\"container\" data-e-type=\"container\">\n\t\t\t\t<div class=\"elementor-element elementor-element-8af71d9 elementor-widget elementor-widget-text-editor\" data-id=\"8af71d9\" data-element_type=\"widget\" data-e-type=\"widget\" data-widget_type=\"text-editor.default\">\n\t\t\t\t<div class=\"elementor-widget-container\">\n\t\t\t\t\t\t\t\t\t<p>Chipiona, in der Provinz C\u00e1diz und nur 1200 m von La Siesta de La Gaviota entfernt, ist ein touristisches Ziel mit goldenen Sandstr\u00e4nden und dem symboltr\u00e4chtigen Leuchtturm von Chipiona. Die Wallfahrtskirche Nuestra Se\u00f1ora de Regla ist ein Ort der Andacht und der architektonischen Sch\u00f6nheit. In Chipiona k\u00f6nnen Sie wandern, Wassersport treiben und die k\u00f6stliche lokale Gastronomie genie\u00dfen. Kurzum, Chipiona bietet Sonne, Geschichte und eine strategische Lage, um C\u00e1diz zu erkunden.<\/p>\t\t\t\t\t\t\t\t<\/div>\n\t\t\t\t<\/div>\n\t\t\t\t<div class=\"elementor-element elementor-element-4ff1d29 elementor-widget-laptop__width-initial elementor-widget elementor-widget-image\" data-id=\"4ff1d29\" data-element_type=\"widget\" data-e-type=\"widget\" data-widget_type=\"image.default\">\n\t\t\t\t<div class=\"elementor-widget-container\">\n\t\t\t\t\t\t\t\t\t\t\t\t\t\t\t\t<a href=\"https:\/\/lasiestadelagaviota.es\/wp-content\/uploads\/Faro-350x500-1.webp\" data-elementor-open-lightbox=\"yes\" data-e-action-hash=\"#elementor-action%3Aaction%3Dlightbox%26settings%3DeyJpZCI6MTM1MSwidXJsIjoiaHR0cHM6XC9cL2xhc2llc3RhZGVsYWdhdmlvdGEuZXNcL2RlXC93cC1jb250ZW50XC91cGxvYWRzXC9zaXRlc1wvM1wvRmFyby0zNTB4NTAwLTEud2VicCJ9\">\n\t\t\t\t\t\t\t<img fetchpriority=\"high\" decoding=\"async\" width=\"350\" height=\"500\" src=\"https:\/\/lasiestadelagaviota.es\/de\/wp-content\/uploads\/sites\/3\/Faro-350x500-1.webp\" class=\"attachment-large size-large wp-image-1351\" alt=\"Faro 350x500 1\" srcset=\"https:\/\/lasiestadelagaviota.es\/de\/wp-content\/uploads\/sites\/3\/Faro-350x500-1.webp 350w, https:\/\/lasiestadelagaviota.es\/de\/wp-content\/uploads\/sites\/3\/Faro-350x500-1-210x300.webp 210w\" sizes=\"(max-width: 350px) 100vw, 350px\" \/>\t\t\t\t\t\t\t\t<\/a>\n\t\t\t\t\t\t\t\t\t\t\t\t\t\t\t<\/div>\n\t\t\t\t<\/div>\n\t\t\t\t<\/div>\n\t\t\t\t\t<\/div>\n\t\t\t\t<\/div>\n\t\t<div class=\"elementor-element elementor-element-c3760ad e-flex e-con-boxed e-con e-parent\" data-id=\"c3760ad\" data-element_type=\"container\" data-e-type=\"container\">\n\t\t\t\t\t<div class=\"e-con-inner\">\n\t\t<div class=\"elementor-element elementor-element-a478f33 e-con-full e-flex e-con e-child\" data-id=\"a478f33\" data-element_type=\"container\" data-e-type=\"container\" data-settings=\"{&quot;background_background&quot;:&quot;classic&quot;}\">\n\t\t\t\t<div class=\"elementor-element elementor-element-2930eb7 elementor-widget elementor-widget-heading\" data-id=\"2930eb7\" data-element_type=\"widget\" data-e-type=\"widget\" data-widget_type=\"heading.default\">\n\t\t\t\t<div class=\"elementor-widget-container\">\n\t\t\t\t\t<h3 class=\"elementor-heading-title elementor-size-default\">Str\u00e4nde und Denkm\u00e4ler<\/h3>\t\t\t\t<\/div>\n\t\t\t\t<\/div>\n\t\t\t\t<div class=\"elementor-element elementor-element-d9afea5 elementor-widget-divider--view-line elementor-widget elementor-widget-divider\" data-id=\"d9afea5\" data-element_type=\"widget\" data-e-type=\"widget\" data-widget_type=\"divider.default\">\n\t\t\t\t<div class=\"elementor-widget-container\">\n\t\t\t\t\t\t\t<div class=\"elementor-divider\">\n\t\t\t<span class=\"elementor-divider-separator\">\n\t\t\t\t\t\t<\/span>\n\t\t<\/div>\n\t\t\t\t\t\t<\/div>\n\t\t\t\t<\/div>\n\t\t\t\t<div class=\"elementor-element elementor-element-8d89ab9 elementor-widget elementor-widget-text-editor\" data-id=\"8d89ab9\" data-element_type=\"widget\" data-e-type=\"widget\" data-widget_type=\"text-editor.default\">\n\t\t\t\t<div class=\"elementor-widget-container\">\n\t\t\t\t\t\t\t\t\t<p>Chipiona verf\u00fcgt auch \u00fcber echte Naturdenkm\u00e4ler, wie die Fischerkorallen und einige der besten Str\u00e4nde Spaniens, wie die Str\u00e4nde von Regla, Camar\u00f3n und Micaela, um nur einige zu nennen.<\/p>\t\t\t\t\t\t\t\t<\/div>\n\t\t\t\t<\/div>\n\t\t\t\t<div class=\"elementor-element elementor-element-37b51ac elementor-widget elementor-widget-image\" data-id=\"37b51ac\" data-element_type=\"widget\" data-e-type=\"widget\" data-widget_type=\"image.default\">\n\t\t\t\t<div class=\"elementor-widget-container\">\n\t\t\t\t\t\t\t\t\t\t\t\t\t\t\t\t<a href=\"https:\/\/lasiestadelagaviota.es\/wp-content\/uploads\/playa-de-regla-cadiz.webp\" data-elementor-open-lightbox=\"yes\" data-e-action-hash=\"#elementor-action%3Aaction%3Dlightbox%26settings%3DeyJpZCI6MjExNCwidXJsIjoiaHR0cHM6XC9cL2xhc2llc3RhZGVsYWdhdmlvdGEuZXNcL2RlXC93cC1jb250ZW50XC91cGxvYWRzXC9zaXRlc1wvM1wvcGxheWEtZGUtcmVnbGEtY2FkaXoud2VicCJ9\">\n\t\t\t\t\t\t\t<img decoding=\"async\" width=\"800\" height=\"598\" src=\"https:\/\/lasiestadelagaviota.es\/de\/wp-content\/uploads\/sites\/3\/playa-de-regla-cadiz.webp\" class=\"attachment-large size-large wp-image-2114\" alt=\"playa de regla cadiz\" srcset=\"https:\/\/lasiestadelagaviota.es\/de\/wp-content\/uploads\/sites\/3\/playa-de-regla-cadiz.webp 960w, https:\/\/lasiestadelagaviota.es\/de\/wp-content\/uploads\/sites\/3\/playa-de-regla-cadiz-300x224.webp 300w, https:\/\/lasiestadelagaviota.es\/de\/wp-content\/uploads\/sites\/3\/playa-de-regla-cadiz-768x574.webp 768w\" sizes=\"(max-width: 800px) 100vw, 800px\" \/>\t\t\t\t\t\t\t\t<\/a>\n\t\t\t\t\t\t\t\t\t\t\t\t\t\t\t<\/div>\n\t\t\t\t<\/div>\n\t\t\t\t<div class=\"elementor-element elementor-element-1db6eef elementor-widget elementor-widget-text-editor\" data-id=\"1db6eef\" data-element_type=\"widget\" data-e-type=\"widget\" data-widget_type=\"text-editor.default\">\n\t\t\t\t<div class=\"elementor-widget-container\">\n\t\t\t\t\t\t\t\t\t<p>Foto mit freundlicher Genehmigung von: <a href=\"https:\/\/www.guiadecadiz.com\/\" target=\"_blank\" rel=\"noopener\">guiadecadiz.com<\/a><\/p>\t\t\t\t\t\t\t\t<\/div>\n\t\t\t\t<\/div>\n\t\t\t\t<\/div>\n\t\t<div class=\"elementor-element elementor-element-7c4067c e-con-full e-flex e-con e-child\" data-id=\"7c4067c\" data-element_type=\"container\" data-e-type=\"container\" data-settings=\"{&quot;background_background&quot;:&quot;classic&quot;}\">\n\t\t\t\t<div class=\"elementor-element elementor-element-c3289e5 elementor-widget elementor-widget-image\" data-id=\"c3289e5\" data-element_type=\"widget\" data-e-type=\"widget\" data-widget_type=\"image.default\">\n\t\t\t\t<div class=\"elementor-widget-container\">\n\t\t\t\t\t\t\t\t\t\t\t\t\t\t\t\t<a href=\"https:\/\/lasiestadelagaviota.es\/wp-content\/uploads\/Faro-de-Chipiona-350x500-1.jpg\" data-elementor-open-lightbox=\"yes\" data-e-action-hash=\"#elementor-action%3Aaction%3Dlightbox%26settings%3DeyJpZCI6MTMxNywidXJsIjoiaHR0cHM6XC9cL2xhc2llc3RhZGVsYWdhdmlvdGEuZXNcL2RlXC93cC1jb250ZW50XC91cGxvYWRzXC9zaXRlc1wvM1wvRmFyby1kZS1DaGlwaW9uYS0zNTB4NTAwLTEuanBnIn0%3D\">\n\t\t\t\t\t\t\t<img decoding=\"async\" width=\"350\" height=\"500\" src=\"https:\/\/lasiestadelagaviota.es\/de\/wp-content\/uploads\/sites\/3\/Faro-de-Chipiona-350x500-1.jpg\" class=\"attachment-large size-large wp-image-1317\" alt=\"Faro de Chipiona 350x500 1\" srcset=\"https:\/\/lasiestadelagaviota.es\/de\/wp-content\/uploads\/sites\/3\/Faro-de-Chipiona-350x500-1.jpg 350w, https:\/\/lasiestadelagaviota.es\/de\/wp-content\/uploads\/sites\/3\/Faro-de-Chipiona-350x500-1-210x300.jpg 210w\" sizes=\"(max-width: 350px) 100vw, 350px\" \/>\t\t\t\t\t\t\t\t<\/a>\n\t\t\t\t\t\t\t\t\t\t\t\t\t\t\t<\/div>\n\t\t\t\t<\/div>\n\t\t\t\t<\/div>\n\t\t\t\t\t<\/div>\n\t\t\t\t<\/div>\n\t\t<div class=\"elementor-element elementor-element-7df89fb e-flex e-con-boxed e-con e-parent\" data-id=\"7df89fb\" data-element_type=\"container\" data-e-type=\"container\">\n\t\t\t\t\t<div class=\"e-con-inner\">\n\t\t<div class=\"elementor-element elementor-element-49d20ba e-con-full e-flex e-con e-child\" data-id=\"49d20ba\" data-element_type=\"container\" data-e-type=\"container\" data-settings=\"{&quot;background_background&quot;:&quot;classic&quot;}\">\n\t\t\t\t<div class=\"elementor-element elementor-element-409ea5a elementor-widget elementor-widget-image\" data-id=\"409ea5a\" data-element_type=\"widget\" data-e-type=\"widget\" data-widget_type=\"image.default\">\n\t\t\t\t<div class=\"elementor-widget-container\">\n\t\t\t\t\t\t\t\t\t\t\t\t\t\t\t\t<a href=\"https:\/\/lasiestadelagaviota.es\/wp-content\/uploads\/sanlucar-barrameda.webp\" data-elementor-open-lightbox=\"yes\" data-e-action-hash=\"#elementor-action%3Aaction%3Dlightbox%26settings%3DeyJpZCI6MjEyMiwidXJsIjoiaHR0cHM6XC9cL2xhc2llc3RhZGVsYWdhdmlvdGEuZXNcL2RlXC93cC1jb250ZW50XC91cGxvYWRzXC9zaXRlc1wvM1wvc2FubHVjYXItYmFycmFtZWRhLndlYnAifQ%3D%3D\">\n\t\t\t\t\t\t\t<img loading=\"lazy\" decoding=\"async\" width=\"800\" height=\"360\" src=\"https:\/\/lasiestadelagaviota.es\/de\/wp-content\/uploads\/sites\/3\/sanlucar-barrameda.webp\" class=\"attachment-large size-large wp-image-2122\" alt=\"sanlucar barrameda\" srcset=\"https:\/\/lasiestadelagaviota.es\/de\/wp-content\/uploads\/sites\/3\/sanlucar-barrameda.webp 1000w, https:\/\/lasiestadelagaviota.es\/de\/wp-content\/uploads\/sites\/3\/sanlucar-barrameda-300x135.webp 300w, https:\/\/lasiestadelagaviota.es\/de\/wp-content\/uploads\/sites\/3\/sanlucar-barrameda-768x346.webp 768w\" sizes=\"(max-width: 800px) 100vw, 800px\" \/>\t\t\t\t\t\t\t\t<\/a>\n\t\t\t\t\t\t\t\t\t\t\t\t\t\t\t<\/div>\n\t\t\t\t<\/div>\n\t\t\t\t<div class=\"elementor-element elementor-element-510a449 elementor-widget elementor-widget-text-editor\" data-id=\"510a449\" data-element_type=\"widget\" data-e-type=\"widget\" data-widget_type=\"text-editor.default\">\n\t\t\t\t<div class=\"elementor-widget-container\">\n\t\t\t\t\t\t\t\t\t<p>Foto mit freundlicher Genehmigung von: <a href=\"https:\/\/www.spain.info\/\" target=\"_blank\" rel=\"noopener\">spain.info<\/a><\/p>\t\t\t\t\t\t\t\t<\/div>\n\t\t\t\t<\/div>\n\t\t<div class=\"elementor-element elementor-element-1d744c0 e-flex e-con-boxed e-con e-child\" data-id=\"1d744c0\" data-element_type=\"container\" data-e-type=\"container\">\n\t\t\t\t\t<div class=\"e-con-inner\">\n\t\t\t\t<div class=\"elementor-element elementor-element-b7f19db elementor-widget elementor-widget-heading\" data-id=\"b7f19db\" data-element_type=\"widget\" data-e-type=\"widget\" data-widget_type=\"heading.default\">\n\t\t\t\t<div class=\"elementor-widget-container\">\n\t\t\t\t\t<h3 class=\"elementor-heading-title elementor-size-default\">Gastronomie<\/h3>\t\t\t\t<\/div>\n\t\t\t\t<\/div>\n\t\t\t\t<div class=\"elementor-element elementor-element-d91ff23 elementor-widget-divider--view-line elementor-widget elementor-widget-divider\" data-id=\"d91ff23\" data-element_type=\"widget\" data-e-type=\"widget\" data-widget_type=\"divider.default\">\n\t\t\t\t<div class=\"elementor-widget-container\">\n\t\t\t\t\t\t\t<div class=\"elementor-divider\">\n\t\t\t<span class=\"elementor-divider-separator\">\n\t\t\t\t\t\t<\/span>\n\t\t<\/div>\n\t\t\t\t\t\t<\/div>\n\t\t\t\t<\/div>\n\t\t\t\t\t<\/div>\n\t\t\t\t<\/div>\n\t\t<div class=\"elementor-element elementor-element-088e829 e-flex e-con-boxed e-con e-child\" data-id=\"088e829\" data-element_type=\"container\" data-e-type=\"container\">\n\t\t\t\t\t<div class=\"e-con-inner\">\n\t\t\t\t<div class=\"elementor-element elementor-element-bce1ae2 elementor-widget elementor-widget-image\" data-id=\"bce1ae2\" data-element_type=\"widget\" data-e-type=\"widget\" data-widget_type=\"image.default\">\n\t\t\t\t<div class=\"elementor-widget-container\">\n\t\t\t\t\t\t\t\t\t\t\t\t\t\t\t<img loading=\"lazy\" decoding=\"async\" width=\"400\" height=\"571\" src=\"https:\/\/lasiestadelagaviota.es\/de\/wp-content\/uploads\/sites\/3\/Gastronimia-Sanlucar-350x500-1.webp\" class=\"attachment-large size-large wp-image-1352\" alt=\"Gastronimia Sanlucar 350x500 1\" srcset=\"https:\/\/lasiestadelagaviota.es\/de\/wp-content\/uploads\/sites\/3\/Gastronimia-Sanlucar-350x500-1.webp 400w, https:\/\/lasiestadelagaviota.es\/de\/wp-content\/uploads\/sites\/3\/Gastronimia-Sanlucar-350x500-1-210x300.webp 210w\" sizes=\"(max-width: 400px) 100vw, 400px\" \/>\t\t\t\t\t\t\t\t\t\t\t\t\t\t\t<\/div>\n\t\t\t\t<\/div>\n\t\t\t\t<div class=\"elementor-element elementor-element-f30f518 elementor-widget__width-initial elementor-widget elementor-widget-text-editor\" data-id=\"f30f518\" data-element_type=\"widget\" data-e-type=\"widget\" data-widget_type=\"text-editor.default\">\n\t\t\t\t<div class=\"elementor-widget-container\">\n\t\t\t\t\t\t\t\t\t<p>An der M\u00fcndung des Guadalquivir gelegen, bieten die nat\u00fcrliche Umgebung, das Klima und die alten Br\u00e4uche der Einwohner zahlreiche Sch\u00e4tze, die es zu entdecken gilt. Einer der bekanntesten ist sein gastronomischer Reichtum.<\/p>\t\t\t\t\t\t\t\t<\/div>\n\t\t\t\t<\/div>\n\t\t\t\t\t<\/div>\n\t\t\t\t<\/div>\n\t\t\t\t<\/div>\n\t\t<div class=\"elementor-element elementor-element-31c98cd e-con-full e-flex e-con e-child\" data-id=\"31c98cd\" data-element_type=\"container\" data-e-type=\"container\" data-settings=\"{&quot;background_background&quot;:&quot;classic&quot;}\">\n\t\t\t\t<div class=\"elementor-element elementor-element-9384eed elementor-widget elementor-widget-heading\" data-id=\"9384eed\" data-element_type=\"widget\" data-e-type=\"widget\" data-widget_type=\"heading.default\">\n\t\t\t\t<div class=\"elementor-widget-container\">\n\t\t\t\t\t<h3 class=\"elementor-heading-title elementor-size-default\">Sanl\u00facar de Barrameda<\/h3>\t\t\t\t<\/div>\n\t\t\t\t<\/div>\n\t\t\t\t<div class=\"elementor-element elementor-element-10078d6 elementor-widget-divider--view-line elementor-widget elementor-widget-divider\" data-id=\"10078d6\" data-element_type=\"widget\" data-e-type=\"widget\" data-widget_type=\"divider.default\">\n\t\t\t\t<div class=\"elementor-widget-container\">\n\t\t\t\t\t\t\t<div class=\"elementor-divider\">\n\t\t\t<span class=\"elementor-divider-separator\">\n\t\t\t\t\t\t<\/span>\n\t\t<\/div>\n\t\t\t\t\t\t<\/div>\n\t\t\t\t<\/div>\n\t\t\t\t<div class=\"elementor-element elementor-element-d3b922d elementor-widget elementor-widget-image\" data-id=\"d3b922d\" data-element_type=\"widget\" data-e-type=\"widget\" data-widget_type=\"image.default\">\n\t\t\t\t<div class=\"elementor-widget-container\">\n\t\t\t\t\t\t\t\t\t\t\t\t\t\t\t\t<a href=\"https:\/\/lasiestadelagaviota.es\/wp-content\/uploads\/vista-de-sanlucar.webp\" data-elementor-open-lightbox=\"yes\" data-e-action-hash=\"#elementor-action%3Aaction%3Dlightbox%26settings%3DeyJpZCI6MjY3OCwidXJsIjoiaHR0cHM6XC9cL2xhc2llc3RhZGVsYWdhdmlvdGEuZXNcL2RlXC93cC1jb250ZW50XC91cGxvYWRzXC9zaXRlc1wvM1wvdmlzdGEtZGUtc2FubHVjYXIud2VicCJ9\">\n\t\t\t\t\t\t\t<img loading=\"lazy\" decoding=\"async\" width=\"800\" height=\"534\" src=\"https:\/\/lasiestadelagaviota.es\/de\/wp-content\/uploads\/sites\/3\/vista-de-sanlucar.webp\" class=\"attachment-large size-large wp-image-2678\" alt=\"vista de sanlucar\" srcset=\"https:\/\/lasiestadelagaviota.es\/de\/wp-content\/uploads\/sites\/3\/vista-de-sanlucar.webp 900w, https:\/\/lasiestadelagaviota.es\/de\/wp-content\/uploads\/sites\/3\/vista-de-sanlucar-300x200.webp 300w, https:\/\/lasiestadelagaviota.es\/de\/wp-content\/uploads\/sites\/3\/vista-de-sanlucar-768x513.webp 768w\" sizes=\"(max-width: 800px) 100vw, 800px\" \/>\t\t\t\t\t\t\t\t<\/a>\n\t\t\t\t\t\t\t\t\t\t\t\t\t\t\t<\/div>\n\t\t\t\t<\/div>\n\t\t\t\t<div class=\"elementor-element elementor-element-2fc95d2 elementor-widget elementor-widget-text-editor\" data-id=\"2fc95d2\" data-element_type=\"widget\" data-e-type=\"widget\" data-widget_type=\"text-editor.default\">\n\t\t\t\t<div class=\"elementor-widget-container\">\n\t\t\t\t\t\t\t\t\t<p>In der entgegengesetzten Richtung, in \u00f6stlicher Richtung und ebenfalls nur 5 km entfernt, befindet sich die Stadt Sanl\u00facar de Barrameda, eine weitere Gemeinde, die gro\u00dfe historische, kulturelle und nat\u00fcrliche Sch\u00e4tze beherbergt. Zu den gro\u00dfartigen Bauwerken geh\u00f6ren der Palacio Municipal de Orleans y Borb\u00f3n, der Herzogspalast von Media Sidonia, das Auditorio de la Merced, das Castillo de Santiago, die Iglesia de la O, Las Covachas und die Parroquia de Santo Domingo.<\/p>\t\t\t\t\t\t\t\t<\/div>\n\t\t\t\t<\/div>\n\t\t\t\t<div class=\"elementor-element elementor-element-3b08090 elementor-widget elementor-widget-image\" data-id=\"3b08090\" data-element_type=\"widget\" data-e-type=\"widget\" data-widget_type=\"image.default\">\n\t\t\t\t<div class=\"elementor-widget-container\">\n\t\t\t\t\t\t\t\t\t\t\t\t\t\t\t\t<a href=\"https:\/\/lasiestadelagaviota.es\/wp-content\/uploads\/Sanlucar-plaza-Cabildo.webp\" data-elementor-open-lightbox=\"yes\" data-e-action-hash=\"#elementor-action%3Aaction%3Dlightbox%26settings%3DeyJpZCI6MjY3NywidXJsIjoiaHR0cHM6XC9cL2xhc2llc3RhZGVsYWdhdmlvdGEuZXNcL2RlXC93cC1jb250ZW50XC91cGxvYWRzXC9zaXRlc1wvM1wvU2FubHVjYXItcGxhemEtQ2FiaWxkby53ZWJwIn0%3D\">\n\t\t\t\t\t\t\t<img loading=\"lazy\" decoding=\"async\" width=\"800\" height=\"450\" src=\"https:\/\/lasiestadelagaviota.es\/de\/wp-content\/uploads\/sites\/3\/Sanlucar-plaza-Cabildo.webp\" class=\"attachment-large size-large wp-image-2677\" alt=\"Sanlucar plaza Cabildo\" srcset=\"https:\/\/lasiestadelagaviota.es\/de\/wp-content\/uploads\/sites\/3\/Sanlucar-plaza-Cabildo.webp 800w, https:\/\/lasiestadelagaviota.es\/de\/wp-content\/uploads\/sites\/3\/Sanlucar-plaza-Cabildo-300x169.webp 300w, https:\/\/lasiestadelagaviota.es\/de\/wp-content\/uploads\/sites\/3\/Sanlucar-plaza-Cabildo-768x432.webp 768w\" sizes=\"(max-width: 800px) 100vw, 800px\" \/>\t\t\t\t\t\t\t\t<\/a>\n\t\t\t\t\t\t\t\t\t\t\t\t\t\t\t<\/div>\n\t\t\t\t<\/div>\n\t\t\t\t<\/div>\n\t\t\t\t\t<\/div>\n\t\t\t\t<\/div>\n\t\t<div class=\"elementor-element elementor-element-e708571 e-flex e-con-boxed e-con e-parent\" data-id=\"e708571\" data-element_type=\"container\" data-e-type=\"container\">\n\t\t\t\t\t<div class=\"e-con-inner\">\n\t\t<div class=\"elementor-element elementor-element-d9cc811 e-con-full e-flex e-con e-child\" data-id=\"d9cc811\" data-element_type=\"container\" data-e-type=\"container\">\n\t\t\t\t<div class=\"elementor-element elementor-element-8789849 elementor-widget elementor-widget-image\" data-id=\"8789849\" data-element_type=\"widget\" data-e-type=\"widget\" data-widget_type=\"image.default\">\n\t\t\t\t<div class=\"elementor-widget-container\">\n\t\t\t\t\t\t\t\t\t\t\t\t\t\t\t\t<a href=\"https:\/\/lasiestadelagaviota.es\/wp-content\/uploads\/vista-de-sanlucar-atardecer.webp\" data-elementor-open-lightbox=\"yes\" data-e-action-hash=\"#elementor-action%3Aaction%3Dlightbox%26settings%3DeyJpZCI6MjY3OSwidXJsIjoiaHR0cHM6XC9cL2xhc2llc3RhZGVsYWdhdmlvdGEuZXNcL2RlXC93cC1jb250ZW50XC91cGxvYWRzXC9zaXRlc1wvM1wvdmlzdGEtZGUtc2FubHVjYXItYXRhcmRlY2VyLndlYnAifQ%3D%3D\">\n\t\t\t\t\t\t\t<img loading=\"lazy\" decoding=\"async\" width=\"620\" height=\"380\" src=\"https:\/\/lasiestadelagaviota.es\/de\/wp-content\/uploads\/sites\/3\/vista-de-sanlucar-atardecer.webp\" class=\"attachment-large size-large wp-image-2679\" alt=\"vista de sanlucar atardecer\" srcset=\"https:\/\/lasiestadelagaviota.es\/de\/wp-content\/uploads\/sites\/3\/vista-de-sanlucar-atardecer.webp 620w, https:\/\/lasiestadelagaviota.es\/de\/wp-content\/uploads\/sites\/3\/vista-de-sanlucar-atardecer-300x184.webp 300w\" sizes=\"(max-width: 620px) 100vw, 620px\" \/>\t\t\t\t\t\t\t\t<\/a>\n\t\t\t\t\t\t\t\t\t\t\t\t\t\t\t<\/div>\n\t\t\t\t<\/div>\n\t\t\t\t<div class=\"elementor-element elementor-element-17d2207 elementor-widget elementor-widget-text-editor\" data-id=\"17d2207\" data-element_type=\"widget\" data-e-type=\"widget\" data-widget_type=\"text-editor.default\">\n\t\t\t\t<div class=\"elementor-widget-container\">\n\t\t\t\t\t\t\t\t\t<p>Seit 1845 finden an den Str\u00e4nden von Sanl\u00facar de Barrameda an Augustnachmittagen bei Ebbe Pferderennen statt. Der \u00dcberlieferung nach sind diese Veranstaltungen aus den informellen Wettk\u00e4mpfen zwischen Fischverk\u00e4ufern entstanden, die versuchen, als Erste auf den Markt zu kommen.<\/p>\t\t\t\t\t\t\t\t<\/div>\n\t\t\t\t<\/div>\n\t\t\t\t<div class=\"elementor-element elementor-element-8d7c7ae elementor-widget elementor-widget-button\" data-id=\"8d7c7ae\" data-element_type=\"widget\" data-e-type=\"widget\" data-widget_type=\"button.default\">\n\t\t\t\t<div class=\"elementor-widget-container\">\n\t\t\t\t\t\t\t\t\t<div class=\"elementor-button-wrapper\">\n\t\t\t\t\t<a class=\"elementor-button elementor-size-sm elementor-animation-pulse\" role=\"button\">\n\t\t\t\t\t\t<span class=\"elementor-button-content-wrapper\">\n\t\t\t\t\t\t\t\t\t<span class=\"elementor-button-text\">MEHR SEHEN<\/span>\n\t\t\t\t\t<\/span>\n\t\t\t\t\t<\/a>\n\t\t\t\t<\/div>\n\t\t\t\t\t\t\t\t<\/div>\n\t\t\t\t<\/div>\n\t\t\t\t<\/div>\n\t\t<div class=\"elementor-element elementor-element-c75bf0f e-con-full e-flex e-con e-child\" data-id=\"c75bf0f\" data-element_type=\"container\" data-e-type=\"container\">\n\t\t\t\t<div class=\"elementor-element elementor-element-a01da70 elementor-widget elementor-widget-image\" data-id=\"a01da70\" data-element_type=\"widget\" data-e-type=\"widget\" data-widget_type=\"image.default\">\n\t\t\t\t<div class=\"elementor-widget-container\">\n\t\t\t\t\t\t\t\t\t\t\t\t\t\t\t\t<a href=\"https:\/\/lasiestadelagaviota.es\/wp-content\/uploads\/Carreras-de-caballos.webp\" data-elementor-open-lightbox=\"yes\" data-e-action-hash=\"#elementor-action%3Aaction%3Dlightbox%26settings%3DeyJpZCI6MjEyMywidXJsIjoiaHR0cHM6XC9cL2xhc2llc3RhZGVsYWdhdmlvdGEuZXNcL2RlXC93cC1jb250ZW50XC91cGxvYWRzXC9zaXRlc1wvM1wvQ2FycmVyYXMtZGUtY2FiYWxsb3Mud2VicCJ9\">\n\t\t\t\t\t\t\t<img loading=\"lazy\" decoding=\"async\" width=\"350\" height=\"500\" src=\"https:\/\/lasiestadelagaviota.es\/de\/wp-content\/uploads\/sites\/3\/Carreras-de-caballos.webp\" class=\"attachment-large size-large wp-image-2123\" alt=\"Carreras de caballos\" srcset=\"https:\/\/lasiestadelagaviota.es\/de\/wp-content\/uploads\/sites\/3\/Carreras-de-caballos.webp 350w, https:\/\/lasiestadelagaviota.es\/de\/wp-content\/uploads\/sites\/3\/Carreras-de-caballos-210x300.webp 210w\" sizes=\"(max-width: 350px) 100vw, 350px\" \/>\t\t\t\t\t\t\t\t<\/a>\n\t\t\t\t\t\t\t\t\t\t\t\t\t\t\t<\/div>\n\t\t\t\t<\/div>\n\t\t\t\t<\/div>\n\t\t\t\t\t<\/div>\n\t\t\t\t<\/div>\n\t\t<div class=\"elementor-element elementor-element-853998e e-flex e-con-boxed e-con e-parent\" data-id=\"853998e\" data-element_type=\"container\" data-e-type=\"container\">\n\t\t\t\t\t<div class=\"e-con-inner\">\n\t\t<div class=\"elementor-element elementor-element-67b092a e-con-full e-flex e-con e-child\" data-id=\"67b092a\" data-element_type=\"container\" data-e-type=\"container\" data-settings=\"{&quot;background_background&quot;:&quot;classic&quot;}\">\n\t\t\t\t<div class=\"elementor-element elementor-element-4837dca elementor-widget elementor-widget-heading\" data-id=\"4837dca\" data-element_type=\"widget\" data-e-type=\"widget\" data-widget_type=\"heading.default\">\n\t\t\t\t<div class=\"elementor-widget-container\">\n\t\t\t\t\t<h3 class=\"elementor-heading-title elementor-size-default\">Do\u00f1ana-Nationalpark<\/h3>\t\t\t\t<\/div>\n\t\t\t\t<\/div>\n\t\t\t\t<div class=\"elementor-element elementor-element-98c29ae elementor-widget-divider--view-line elementor-widget elementor-widget-divider\" data-id=\"98c29ae\" data-element_type=\"widget\" data-e-type=\"widget\" data-widget_type=\"divider.default\">\n\t\t\t\t<div class=\"elementor-widget-container\">\n\t\t\t\t\t\t\t<div class=\"elementor-divider\">\n\t\t\t<span class=\"elementor-divider-separator\">\n\t\t\t\t\t\t<\/span>\n\t\t<\/div>\n\t\t\t\t\t\t<\/div>\n\t\t\t\t<\/div>\n\t\t\t\t<div class=\"elementor-element elementor-element-b84d2fc elementor-widget elementor-widget-text-editor\" data-id=\"b84d2fc\" data-element_type=\"widget\" data-e-type=\"widget\" data-widget_type=\"text-editor.default\">\n\t\t\t\t<div class=\"elementor-widget-container\">\n\t\t\t\t\t\t\t\t\t<p>Der Coto de Do\u00f1ana in C\u00e1diz ist ein beeindruckender Naturpark und ein Naturschutzgebiet, das zu den bedeutendsten in Europa geh\u00f6rt. Mit einer Fl\u00e4che von 543 km\u00b2 weist er eine bemerkenswerte biologische Vielfalt auf und dient als Zufluchtsort f\u00fcr viele Zugv\u00f6gel und endemische Vogelarten. Es ist auch f\u00fcr die Erhaltung des bedrohten iberischen Luchses und des iberischen Kaiseradlers von entscheidender Bedeutung. Aufgrund ihres nat\u00fcrlichen und kulturellen Erbes ist sie ein beliebtes Ziel f\u00fcr Touristen, die die Wunder dieser Welt erleben wollen. Die Kombination aus Strand, D\u00fcnen, Naturschutzgebieten und Sumpfgebieten verleiht Do\u00f1ana eine einzigartige Pers\u00f6nlichkeit.<\/p>\t\t\t\t\t\t\t\t<\/div>\n\t\t\t\t<\/div>\n\t\t\t\t<div class=\"elementor-element elementor-element-cc5d2a8 elementor-widget elementor-widget-button\" data-id=\"cc5d2a8\" data-element_type=\"widget\" data-e-type=\"widget\" data-widget_type=\"button.default\">\n\t\t\t\t<div class=\"elementor-widget-container\">\n\t\t\t\t\t\t\t\t\t<div class=\"elementor-button-wrapper\">\n\t\t\t\t\t<a class=\"elementor-button elementor-button-link elementor-size-sm elementor-animation-pulse\" href=\"https:\/\/www.donanareservas.com\/es\/\" target=\"_blank\" rel=\"nofollow\">\n\t\t\t\t\t\t<span class=\"elementor-button-content-wrapper\">\n\t\t\t\t\t\t\t\t\t<span class=\"elementor-button-text\">MEHR SEHEN<\/span>\n\t\t\t\t\t<\/span>\n\t\t\t\t\t<\/a>\n\t\t\t\t<\/div>\n\t\t\t\t\t\t\t\t<\/div>\n\t\t\t\t<\/div>\n\t\t\t\t<\/div>\n\t\t<div class=\"elementor-element elementor-element-6e35b0c e-con-full e-flex e-con e-child\" data-id=\"6e35b0c\" data-element_type=\"container\" data-e-type=\"container\">\n\t\t\t\t<\/div>\n\t\t\t\t\t<\/div>\n\t\t\t\t<\/div>\n\t\t<div class=\"elementor-element elementor-element-1f3e403 e-flex e-con-boxed e-con e-parent\" data-id=\"1f3e403\" data-element_type=\"container\" data-e-type=\"container\">\n\t\t\t\t\t<div class=\"e-con-inner\">\n\t\t<div class=\"elementor-element elementor-element-62f0c5a e-con-full e-flex e-con e-child\" data-id=\"62f0c5a\" data-element_type=\"container\" data-e-type=\"container\" data-settings=\"{&quot;background_background&quot;:&quot;classic&quot;}\">\n\t\t\t\t<div class=\"elementor-element elementor-element-6ab09f0 elementor-widget elementor-widget-image\" data-id=\"6ab09f0\" data-element_type=\"widget\" data-e-type=\"widget\" data-widget_type=\"image.default\">\n\t\t\t\t<div class=\"elementor-widget-container\">\n\t\t\t\t\t\t\t\t\t\t\t\t\t\t\t<img loading=\"lazy\" decoding=\"async\" width=\"290\" height=\"450\" src=\"https:\/\/lasiestadelagaviota.es\/de\/wp-content\/uploads\/sites\/3\/Bodegas-jerez-1.webp\" class=\"attachment-large size-large wp-image-2160\" alt=\"Bodegas jerez\" srcset=\"https:\/\/lasiestadelagaviota.es\/de\/wp-content\/uploads\/sites\/3\/Bodegas-jerez-1.webp 290w, https:\/\/lasiestadelagaviota.es\/de\/wp-content\/uploads\/sites\/3\/Bodegas-jerez-1-193x300.webp 193w\" sizes=\"(max-width: 290px) 100vw, 290px\" \/>\t\t\t\t\t\t\t\t\t\t\t\t\t\t\t<\/div>\n\t\t\t\t<\/div>\n\t\t\t\t<\/div>\n\t\t<div class=\"elementor-element elementor-element-4b6ec0c e-con-full e-flex e-con e-child\" data-id=\"4b6ec0c\" data-element_type=\"container\" data-e-type=\"container\" data-settings=\"{&quot;background_background&quot;:&quot;classic&quot;}\">\n\t\t\t\t<div class=\"elementor-element elementor-element-213e38c elementor-widget elementor-widget-heading\" data-id=\"213e38c\" data-element_type=\"widget\" data-e-type=\"widget\" data-widget_type=\"heading.default\">\n\t\t\t\t<div class=\"elementor-widget-container\">\n\t\t\t\t\t<h2 class=\"elementor-heading-title elementor-size-default\">Jerez de la Frontera<\/h2>\t\t\t\t<\/div>\n\t\t\t\t<\/div>\n\t\t\t\t<div class=\"elementor-element elementor-element-35e6750 elementor-widget-divider--view-line elementor-widget elementor-widget-divider\" data-id=\"35e6750\" data-element_type=\"widget\" data-e-type=\"widget\" data-widget_type=\"divider.default\">\n\t\t\t\t<div class=\"elementor-widget-container\">\n\t\t\t\t\t\t\t<div class=\"elementor-divider\">\n\t\t\t<span class=\"elementor-divider-separator\">\n\t\t\t\t\t\t<\/span>\n\t\t<\/div>\n\t\t\t\t\t\t<\/div>\n\t\t\t\t<\/div>\n\t\t\t\t<div class=\"elementor-element elementor-element-2b61b66 elementor-widget elementor-widget-text-editor\" data-id=\"2b61b66\" data-element_type=\"widget\" data-e-type=\"widget\" data-widget_type=\"text-editor.default\">\n\t\t\t\t<div class=\"elementor-widget-container\">\n\t\t\t\t\t\t\t\t\t<p>Jerez de la Frontera, das f\u00fcr seine Weine, seine Pferde und seinen Flamenco bekannt ist, verf\u00fcgt \u00fcber einen historischen Stadtkern, der zum kunsthistorischen Denkmal erkl\u00e4rt wurde.<\/p><p>Jerez de la Frontera ist eine der nobelsten St\u00e4dte von C\u00e1diz und verbindet den herrschaftlichen Charakter der Adelspal\u00e4ste mit dem volkst\u00fcmlichen Flair eines typisch andalusischen Dorfes. Diese Eigenschaften werden jedes Jahr auf der Pferdemesse deutlich, die zum internationalen touristischen Interesse erkl\u00e4rt wurde. Dieses immense kulturelle Angebot wird durch die Aromen der regionalen Gastronomie bereichert, unter denen der Jerez-X\u00e9r\u00e8s-Sherry Manzanilla-Sanl\u00facar de Barrameda mit der Herkunftsbezeichnung hervorsticht. Ein Besuch in einer der Weinkellereien der Stadt hilft dem Reisenden, die Weinbautradition der Stadt besser kennenzulernen.<\/p>\t\t\t\t\t\t\t\t<\/div>\n\t\t\t\t<\/div>\n\t\t\t\t<\/div>\n\t\t\t\t\t<\/div>\n\t\t\t\t<\/div>\n\t\t<div class=\"elementor-element elementor-element-e181cb3 e-flex e-con-boxed e-con e-parent\" data-id=\"e181cb3\" data-element_type=\"container\" data-e-type=\"container\">\n\t\t\t\t\t<div class=\"e-con-inner\">\n\t\t<div class=\"elementor-element elementor-element-9d155ce e-con-full e-flex e-con e-child\" data-id=\"9d155ce\" data-element_type=\"container\" data-e-type=\"container\" data-settings=\"{&quot;background_background&quot;:&quot;classic&quot;}\">\n\t\t\t\t<div class=\"elementor-element elementor-element-3e75990 elementor-widget elementor-widget-heading\" data-id=\"3e75990\" data-element_type=\"widget\" data-e-type=\"widget\" data-widget_type=\"heading.default\">\n\t\t\t\t<div class=\"elementor-widget-container\">\n\t\t\t\t\t<h2 class=\"elementor-heading-title elementor-size-default\">C\u00e1diz<\/h2>\t\t\t\t<\/div>\n\t\t\t\t<\/div>\n\t\t\t\t<div class=\"elementor-element elementor-element-2aab096 elementor-widget-divider--view-line elementor-widget elementor-widget-divider\" data-id=\"2aab096\" data-element_type=\"widget\" data-e-type=\"widget\" data-widget_type=\"divider.default\">\n\t\t\t\t<div class=\"elementor-widget-container\">\n\t\t\t\t\t\t\t<div class=\"elementor-divider\">\n\t\t\t<span class=\"elementor-divider-separator\">\n\t\t\t\t\t\t<\/span>\n\t\t<\/div>\n\t\t\t\t\t\t<\/div>\n\t\t\t\t<\/div>\n\t\t\t\t<div class=\"elementor-element elementor-element-6fc33f6 elementor-widget elementor-widget-text-editor\" data-id=\"6fc33f6\" data-element_type=\"widget\" data-e-type=\"widget\" data-widget_type=\"text-editor.default\">\n\t\t\t\t<div class=\"elementor-widget-container\">\n\t\t\t\t\t\t\t\t\t<p>C\u00e1diz wurde vor etwa 3.000 Jahren von den Ph\u00f6niziern gegr\u00fcndet und ist damit die \u00e4lteste Stadt des Westens. Die verschiedenen V\u00f6lker, die sich hier niederlie\u00dfen, hinterlie\u00dfen kulturelle Spuren, die bis heute den Charakter der Einwohner von C\u00e1diz pr\u00e4gen. Diese Halbinsel im Herzen der andalusischen Atlantikk\u00fcste hat es geschafft, ein bedeutendes historisches Erbe zu bewahren, das mit seiner wirtschaftlichen Bedeutung, den ausgezeichneten Str\u00e4nden und einer exquisiten regionalen K\u00fcche einhergeht. Die Costa de la Luz, die sich zwischen den Provinzen Huelva und C\u00e1diz erstreckt, bietet ebenfalls eine Vielzahl von Zielen, die Kultur und Freizeit miteinander verbinden.\u00a0<\/p>\t\t\t\t\t\t\t\t<\/div>\n\t\t\t\t<\/div>\n\t\t\t\t<\/div>\n\t\t<div class=\"elementor-element elementor-element-bb479ab e-con-full e-flex e-con e-child\" data-id=\"bb479ab\" data-element_type=\"container\" data-e-type=\"container\" data-settings=\"{&quot;background_background&quot;:&quot;classic&quot;}\">\n\t\t\t\t<div class=\"elementor-element elementor-element-345985c elementor-widget elementor-widget-image\" data-id=\"345985c\" data-element_type=\"widget\" data-e-type=\"widget\" data-widget_type=\"image.default\">\n\t\t\t\t<div class=\"elementor-widget-container\">\n\t\t\t\t\t\t\t\t\t\t\t\t\t\t\t<img loading=\"lazy\" decoding=\"async\" width=\"290\" height=\"450\" src=\"https:\/\/lasiestadelagaviota.es\/de\/wp-content\/uploads\/sites\/3\/Catedral-Cadiz.webp\" class=\"attachment-large size-large wp-image-2172\" alt=\"Catedral Cadiz\" srcset=\"https:\/\/lasiestadelagaviota.es\/de\/wp-content\/uploads\/sites\/3\/Catedral-Cadiz.webp 290w, https:\/\/lasiestadelagaviota.es\/de\/wp-content\/uploads\/sites\/3\/Catedral-Cadiz-193x300.webp 193w\" sizes=\"(max-width: 290px) 100vw, 290px\" \/>\t\t\t\t\t\t\t\t\t\t\t\t\t\t\t<\/div>\n\t\t\t\t<\/div>\n\t\t\t\t<\/div>\n\t\t\t\t\t<\/div>\n\t\t\t\t<\/div>\n\t\t\t\t<\/div>\n\t\t","protected":false},"excerpt":{"rendered":"<p>Umwelt LA SIESTA DE LA GAVIOTA Wohnmobile und Wohnwagen Komplex in Chipiona, C\u00e1diz [av_calendar id=1] CHIPIONA ein touristischer Schatz Chipiona, in der Provinz C\u00e1diz und nur 1200 m von La Siesta de La Gaviota entfernt, ist ein touristisches Ziel mit goldenen Sandstr\u00e4nden und dem symboltr\u00e4chtigen Leuchtturm von Chipiona. Die Wallfahrtskirche Nuestra Se\u00f1ora de Regla ist [&hellip;]<\/p>\n","protected":false},"author":1,"featured_media":0,"parent":0,"menu_order":0,"comment_status":"closed","ping_status":"closed","template":"","meta":{"footnotes":""},"class_list":["post-820","page","type-page","status-publish","hentry"],"yoast_head":"<!-- This site is optimized with the Yoast SEO plugin v27.5 - https:\/\/yoast.com\/product\/yoast-seo-wordpress\/ -->\n<title>ENTORNO - Deutch La Siesta de La Gaviota<\/title>\n<meta name=\"description\" content=\"El entorno natural, ideal para caravanas y autocaravanas en Chipiona, C\u00e1diz. Con entrada exclusiva al mar. Actividades y excursiones.\" \/>\n<meta name=\"robots\" content=\"index, follow, max-snippet:-1, max-image-preview:large, max-video-preview:-1\" \/>\n<link rel=\"canonical\" href=\"https:\/\/lasiestadelagaviota.es\/de\/entorno\/\" \/>\n<meta property=\"og:locale\" content=\"es_ES\" \/>\n<meta property=\"og:type\" content=\"article\" \/>\n<meta property=\"og:title\" content=\"ENTORNO - Deutch La Siesta de La Gaviota\" \/>\n<meta property=\"og:description\" content=\"El entorno natural, ideal para caravanas y autocaravanas en Chipiona, C\u00e1diz. Con entrada exclusiva al mar. Actividades y excursiones.\" \/>\n<meta property=\"og:url\" content=\"https:\/\/lasiestadelagaviota.es\/de\/entorno\/\" \/>\n<meta property=\"og:site_name\" content=\"Deutch La Siesta de La Gaviota\" \/>\n<meta property=\"article:modified_time\" content=\"2023-07-28T11:33:11+00:00\" \/>\n<meta property=\"og:image\" content=\"https:\/\/lasiestadelagaviota.es\/de\/wp-content\/uploads\/sites\/3\/Faro-350x500-1.webp\" \/>\n<meta name=\"twitter:card\" content=\"summary_large_image\" \/>\n<meta name=\"twitter:label1\" content=\"Tiempo de lectura\" \/>\n\t<meta name=\"twitter:data1\" content=\"5 minutos\" \/>\n<script type=\"application\/ld+json\" class=\"yoast-schema-graph\">{\"@context\":\"https:\\\/\\\/schema.org\",\"@graph\":[{\"@type\":\"WebPage\",\"@id\":\"https:\\\/\\\/lasiestadelagaviota.es\\\/de\\\/entorno\\\/\",\"url\":\"https:\\\/\\\/lasiestadelagaviota.es\\\/de\\\/entorno\\\/\",\"name\":\"ENTORNO - Deutch La Siesta de La Gaviota\",\"isPartOf\":{\"@id\":\"https:\\\/\\\/lasiestadelagaviota.es\\\/de\\\/#website\"},\"primaryImageOfPage\":{\"@id\":\"https:\\\/\\\/lasiestadelagaviota.es\\\/de\\\/entorno\\\/#primaryimage\"},\"image\":{\"@id\":\"https:\\\/\\\/lasiestadelagaviota.es\\\/de\\\/entorno\\\/#primaryimage\"},\"thumbnailUrl\":\"https:\\\/\\\/lasiestadelagaviota.es\\\/de\\\/wp-content\\\/uploads\\\/sites\\\/3\\\/Faro-350x500-1.webp\",\"datePublished\":\"2023-05-06T19:57:17+00:00\",\"dateModified\":\"2023-07-28T11:33:11+00:00\",\"description\":\"El entorno natural, ideal para caravanas y autocaravanas en Chipiona, C\u00e1diz. Con entrada exclusiva al mar. Actividades y excursiones.\",\"breadcrumb\":{\"@id\":\"https:\\\/\\\/lasiestadelagaviota.es\\\/de\\\/entorno\\\/#breadcrumb\"},\"inLanguage\":\"es\",\"potentialAction\":[{\"@type\":\"ReadAction\",\"target\":[\"https:\\\/\\\/lasiestadelagaviota.es\\\/de\\\/entorno\\\/\"]}]},{\"@type\":\"ImageObject\",\"inLanguage\":\"es\",\"@id\":\"https:\\\/\\\/lasiestadelagaviota.es\\\/de\\\/entorno\\\/#primaryimage\",\"url\":\"https:\\\/\\\/lasiestadelagaviota.es\\\/de\\\/wp-content\\\/uploads\\\/sites\\\/3\\\/Faro-350x500-1.webp\",\"contentUrl\":\"https:\\\/\\\/lasiestadelagaviota.es\\\/de\\\/wp-content\\\/uploads\\\/sites\\\/3\\\/Faro-350x500-1.webp\",\"width\":350,\"height\":500,\"caption\":\"Faro 350x500 1\"},{\"@type\":\"BreadcrumbList\",\"@id\":\"https:\\\/\\\/lasiestadelagaviota.es\\\/de\\\/entorno\\\/#breadcrumb\",\"itemListElement\":[{\"@type\":\"ListItem\",\"position\":1,\"name\":\"Portada\",\"item\":\"https:\\\/\\\/lasiestadelagaviota.es\\\/de\\\/\"},{\"@type\":\"ListItem\",\"position\":2,\"name\":\"ENTORNO\"}]},{\"@type\":\"WebSite\",\"@id\":\"https:\\\/\\\/lasiestadelagaviota.es\\\/de\\\/#website\",\"url\":\"https:\\\/\\\/lasiestadelagaviota.es\\\/de\\\/\",\"name\":\"Deutch La Siesta de La Gaviota\",\"description\":\"Complejo de Autocaravanas y Campers en Chipiona, C\u00e1diz\",\"publisher\":{\"@id\":\"https:\\\/\\\/lasiestadelagaviota.es\\\/de\\\/#organization\"},\"potentialAction\":[{\"@type\":\"SearchAction\",\"target\":{\"@type\":\"EntryPoint\",\"urlTemplate\":\"https:\\\/\\\/lasiestadelagaviota.es\\\/de\\\/?s={search_term_string}\"},\"query-input\":{\"@type\":\"PropertyValueSpecification\",\"valueRequired\":true,\"valueName\":\"search_term_string\"}}],\"inLanguage\":\"es\"},{\"@type\":\"Organization\",\"@id\":\"https:\\\/\\\/lasiestadelagaviota.es\\\/de\\\/#organization\",\"name\":\"Deutch La Siesta de La Gaviota\",\"url\":\"https:\\\/\\\/lasiestadelagaviota.es\\\/de\\\/\",\"logo\":{\"@type\":\"ImageObject\",\"inLanguage\":\"es\",\"@id\":\"https:\\\/\\\/lasiestadelagaviota.es\\\/de\\\/#\\\/schema\\\/logo\\\/image\\\/\",\"url\":\"https:\\\/\\\/lasiestadelagaviota.es\\\/de\\\/wp-content\\\/uploads\\\/sites\\\/3\\\/SG_logo-horizontal.webp\",\"contentUrl\":\"https:\\\/\\\/lasiestadelagaviota.es\\\/de\\\/wp-content\\\/uploads\\\/sites\\\/3\\\/SG_logo-horizontal.webp\",\"width\":400,\"height\":176,\"caption\":\"Deutch La Siesta de La Gaviota\"},\"image\":{\"@id\":\"https:\\\/\\\/lasiestadelagaviota.es\\\/de\\\/#\\\/schema\\\/logo\\\/image\\\/\"}}]}<\/script>\n<!-- \/ Yoast SEO plugin. -->","yoast_head_json":{"title":"ENTORNO - Deutch La Siesta de La Gaviota","description":"El entorno natural, ideal para caravanas y autocaravanas en Chipiona, C\u00e1diz. Con entrada exclusiva al mar. Actividades y excursiones.","robots":{"index":"index","follow":"follow","max-snippet":"max-snippet:-1","max-image-preview":"max-image-preview:large","max-video-preview":"max-video-preview:-1"},"canonical":"https:\/\/lasiestadelagaviota.es\/de\/entorno\/","og_locale":"es_ES","og_type":"article","og_title":"ENTORNO - Deutch La Siesta de La Gaviota","og_description":"El entorno natural, ideal para caravanas y autocaravanas en Chipiona, C\u00e1diz. Con entrada exclusiva al mar. Actividades y excursiones.","og_url":"https:\/\/lasiestadelagaviota.es\/de\/entorno\/","og_site_name":"Deutch La Siesta de La Gaviota","article_modified_time":"2023-07-28T11:33:11+00:00","og_image":[{"url":"https:\/\/lasiestadelagaviota.es\/de\/wp-content\/uploads\/sites\/3\/Faro-350x500-1.webp","type":"","width":"","height":""}],"twitter_card":"summary_large_image","twitter_misc":{"Tiempo de lectura":"5 minutos"},"schema":{"@context":"https:\/\/schema.org","@graph":[{"@type":"WebPage","@id":"https:\/\/lasiestadelagaviota.es\/de\/entorno\/","url":"https:\/\/lasiestadelagaviota.es\/de\/entorno\/","name":"ENTORNO - Deutch La Siesta de La Gaviota","isPartOf":{"@id":"https:\/\/lasiestadelagaviota.es\/de\/#website"},"primaryImageOfPage":{"@id":"https:\/\/lasiestadelagaviota.es\/de\/entorno\/#primaryimage"},"image":{"@id":"https:\/\/lasiestadelagaviota.es\/de\/entorno\/#primaryimage"},"thumbnailUrl":"https:\/\/lasiestadelagaviota.es\/de\/wp-content\/uploads\/sites\/3\/Faro-350x500-1.webp","datePublished":"2023-05-06T19:57:17+00:00","dateModified":"2023-07-28T11:33:11+00:00","description":"El entorno natural, ideal para caravanas y autocaravanas en Chipiona, C\u00e1diz. Con entrada exclusiva al mar. Actividades y excursiones.","breadcrumb":{"@id":"https:\/\/lasiestadelagaviota.es\/de\/entorno\/#breadcrumb"},"inLanguage":"es","potentialAction":[{"@type":"ReadAction","target":["https:\/\/lasiestadelagaviota.es\/de\/entorno\/"]}]},{"@type":"ImageObject","inLanguage":"es","@id":"https:\/\/lasiestadelagaviota.es\/de\/entorno\/#primaryimage","url":"https:\/\/lasiestadelagaviota.es\/de\/wp-content\/uploads\/sites\/3\/Faro-350x500-1.webp","contentUrl":"https:\/\/lasiestadelagaviota.es\/de\/wp-content\/uploads\/sites\/3\/Faro-350x500-1.webp","width":350,"height":500,"caption":"Faro 350x500 1"},{"@type":"BreadcrumbList","@id":"https:\/\/lasiestadelagaviota.es\/de\/entorno\/#breadcrumb","itemListElement":[{"@type":"ListItem","position":1,"name":"Portada","item":"https:\/\/lasiestadelagaviota.es\/de\/"},{"@type":"ListItem","position":2,"name":"ENTORNO"}]},{"@type":"WebSite","@id":"https:\/\/lasiestadelagaviota.es\/de\/#website","url":"https:\/\/lasiestadelagaviota.es\/de\/","name":"Deutch La Siesta de La Gaviota","description":"Complejo de Autocaravanas y Campers en Chipiona, C\u00e1diz","publisher":{"@id":"https:\/\/lasiestadelagaviota.es\/de\/#organization"},"potentialAction":[{"@type":"SearchAction","target":{"@type":"EntryPoint","urlTemplate":"https:\/\/lasiestadelagaviota.es\/de\/?s={search_term_string}"},"query-input":{"@type":"PropertyValueSpecification","valueRequired":true,"valueName":"search_term_string"}}],"inLanguage":"es"},{"@type":"Organization","@id":"https:\/\/lasiestadelagaviota.es\/de\/#organization","name":"Deutch La Siesta de La Gaviota","url":"https:\/\/lasiestadelagaviota.es\/de\/","logo":{"@type":"ImageObject","inLanguage":"es","@id":"https:\/\/lasiestadelagaviota.es\/de\/#\/schema\/logo\/image\/","url":"https:\/\/lasiestadelagaviota.es\/de\/wp-content\/uploads\/sites\/3\/SG_logo-horizontal.webp","contentUrl":"https:\/\/lasiestadelagaviota.es\/de\/wp-content\/uploads\/sites\/3\/SG_logo-horizontal.webp","width":400,"height":176,"caption":"Deutch La Siesta de La Gaviota"},"image":{"@id":"https:\/\/lasiestadelagaviota.es\/de\/#\/schema\/logo\/image\/"}}]}},"_links":{"self":[{"href":"https:\/\/lasiestadelagaviota.es\/de\/wp-json\/wp\/v2\/pages\/820","targetHints":{"allow":["GET"]}}],"collection":[{"href":"https:\/\/lasiestadelagaviota.es\/de\/wp-json\/wp\/v2\/pages"}],"about":[{"href":"https:\/\/lasiestadelagaviota.es\/de\/wp-json\/wp\/v2\/types\/page"}],"author":[{"embeddable":true,"href":"https:\/\/lasiestadelagaviota.es\/de\/wp-json\/wp\/v2\/users\/1"}],"replies":[{"embeddable":true,"href":"https:\/\/lasiestadelagaviota.es\/de\/wp-json\/wp\/v2\/comments?post=820"}],"version-history":[{"count":18,"href":"https:\/\/lasiestadelagaviota.es\/de\/wp-json\/wp\/v2\/pages\/820\/revisions"}],"predecessor-version":[{"id":3057,"href":"https:\/\/lasiestadelagaviota.es\/de\/wp-json\/wp\/v2\/pages\/820\/revisions\/3057"}],"wp:attachment":[{"href":"https:\/\/lasiestadelagaviota.es\/de\/wp-json\/wp\/v2\/media?parent=820"}],"curies":[{"name":"wp","href":"https:\/\/api.w.org\/{rel}","templated":true}]}}